{"id":3712,"date":"2023-11-15T09:12:59","date_gmt":"2023-11-15T15:12:59","guid":{"rendered":"https:\/\/maytemunoz.net\/?page_id=3712"},"modified":"2025-01-20T10:03:42","modified_gmt":"2025-01-20T16:03:42","slug":"filosofia-e-historia-social-1-suaed","status":"publish","type":"page","link":"https:\/\/maytemunoz.net\/?page_id=3712","title":{"rendered":"1847 &#8211; Materia del \u00c1rea de Filosof\u00eda e Historia Social 1"},"content":{"rendered":"<div id=\"pl-3712\"  class=\"panel-layout\" ><div id=\"pg-3712-0\"  class=\"panel-grid panel-no-style\" ><div id=\"pgc-3712-0-0\"  class=\"panel-grid-cell\" ><div id=\"panel-3712-0-0-0\" class=\"so-panel widget widget_sow-accordion panel-first-child panel-last-child\" data-index=\"0\" ><div\n\t\t\t\n\t\t\tclass=\"so-widget-sow-accordion so-widget-sow-accordion-default-2b55ed2807e6-3712\"\n\t\t\t\n\t\t><div>\n\t<div class=\"sow-accordion\">\n\t\t\t<div class=\"sow-accordion-panel\"\n\t\t\t data-anchor=\"objetivos\">\n\t\t\t\t<div class=\"sow-accordion-panel-header-container\" role=\"heading\" aria-level=\"2\">\n\t\t\t\t\t<div class=\"sow-accordion-panel-header\" tabindex=\"0\" role=\"button\" id=\"accordion-label-objetivos\" aria-controls=\"accordion-content-objetivos\" aria-expanded=\"false\">\n\t\t\t\t\t\t<div class=\"sow-accordion-title sow-accordion-title-icon-left\">\n\t\t\t\t\t\t\t\t\t\t\t\t\t\tOBJETIVOS\t\t\t\t\t\t\t\t\t\t\t\t\t<\/div>\n\t\t\t\t\t\t<div class=\"sow-accordion-open-close-button\">\n\t\t\t\t\t\t\t<div class=\"sow-accordion-open-button\">\n\t\t\t\t\t\t\t\t<span class=\"sow-icon-ionicons\" data-sow-icon=\"&#xf218;\"\n\t\t \n\t\taria-hidden=\"true\"><\/span>\t\t\t\t\t\t\t<\/div>\n\t\t\t\t\t\t\t<div class=\"sow-accordion-close-button\">\n\t\t\t\t\t\t\t\t<span class=\"sow-icon-ionicons\" data-sow-icon=\"&#xf209;\"\n\t\t \n\t\taria-hidden=\"true\"><\/span>\t\t\t\t\t\t\t<\/div>\n\t\t\t\t\t\t<\/div>\n\t\t\t\t\t<\/div>\n\t\t\t\t<\/div>\n\n\t\t\t<div\n\t\t\t\tclass=\"sow-accordion-panel-content\"\n\t\t\t\trole=\"region\"\n\t\t\t\taria-labelledby=\"accordion-label-objetivos\"\n\t\t\t\tid=\"accordion-content-objetivos\"\n\t\t\t\tstyle=\"display: none;\"\t\t\t>\n\t\t\t\t<div class=\"sow-accordion-panel-border\">\n\t\t\t\t\t<p>&nbsp;<\/p>\n<div class=\"page\" title=\"Page 1\">\n<div class=\"layoutArea\">\n<div class=\"column\">\n<p><strong>OBJETIVO GENERAL<\/strong><\/p>\n<p>El objetivo general de este curso es que l@s alumn@s tengan un panorama de los problemas discutidos a partir de los an\u0303os posteriores a la segunda guerra mundial y hasta los primeros veinte an\u0303os del siglo XXI, a trave\u0301s del ana\u0301lisis y discusio\u0301n de algunas categori\u0301as que se encuentran en las obras principales de l@s autor@s ma\u0301s representativos de la filosofi\u0301a poli\u0301tica contempora\u0301nea; ello con la intencio\u0301n de que sean capaces de analizar su realidad social a trave\u0301s de aquellas categori\u0301as.<\/p>\n<div class=\"page\" title=\"Page 2\">\n<div class=\"layoutArea\">\n<div class=\"column\">\n<p><strong>OBJETIVOS PARTICULARES<\/strong><\/p>\n<\/div>\n<\/div>\n<div class=\"layoutArea\">\n<div class=\"column\">\n<p>A lo largo del curso, lxs alumnxs:<\/p>\n<p>\u27a2Conocera\u0301n algunos de los conceptos fundamentales de la filosofi\u0301a poli\u0301tica contempora\u0301nea (revolucio\u0301n, violencia, espacio pu\u0301blico, pueblo, hegemoni\u0301a, multitud, lo comu\u0301n y los comunes, la reproduccio\u0301n de la vida, gubernamentalidad y autonomi\u0301a).<\/p>\n<ul>\n<li>\u27a2 \u00a0Analizara\u0301n cri\u0301ticamente algunos de los principales problemas y tema\u0301ticas de la filosofi\u0301a poli\u0301tica contempora\u0301nea.<\/li>\n<li>\u27a2 \u00a0Confrontara\u0301n, en un recorrido de cara\u0301cter histo\u0301rico, las diferentes posiciones filoso\u0301ficas acerca de lo poli\u0301tico, lo comu\u0301n y los comun.\n<p>&nbsp;<\/p>\n<p><strong>OBJETIVO EN MATERIA DE GE\u0301NERO<\/strong><\/p>\n<div class=\"page\" title=\"Page 2\">\n<div class=\"layoutArea\">\n<div class=\"column\"><\/div>\n<\/div>\n<\/div>\n<p>A lo largo del curso, lxs alumnxs<\/p>\n<p>\u27a2 Confrontara\u0301n la propuesta de los filo\u0301sofos con la perspectiva de filo\u0301sofas coeta\u0301neas que buscan pensar tambie\u0301n lo poli\u0301tico, la poli\u0301tica y lo comu\u0301n.<\/p>\n<p>\u27a2 Confrontara\u0301n los modelos posmarxistas y neomarxista con el feminismo marxista.<\/p><\/li>\n<\/ul>\n<\/div>\n<\/div>\n<\/div>\n<\/div>\n<\/div>\n<\/div>\n\t\t\t\t<\/div>\n\t\t\t<\/div>\n\t\t<\/div>\n\t\t\t<div class=\"sow-accordion-panel\"\n\t\t\t data-anchor=\"el-espacio-p%c3%bablico-como-comunidad-pol%c3%adtica\">\n\t\t\t\t<div class=\"sow-accordion-panel-header-container\" role=\"heading\" aria-level=\"2\">\n\t\t\t\t\t<div class=\"sow-accordion-panel-header\" tabindex=\"0\" role=\"button\" id=\"accordion-label-el-espacio-p%c3%bablico-como-comunidad-pol%c3%adtica\" aria-controls=\"accordion-content-el-espacio-p%c3%bablico-como-comunidad-pol%c3%adtica\" aria-expanded=\"false\">\n\t\t\t\t\t\t<div class=\"sow-accordion-title sow-accordion-title-icon-left\">\n\t\t\t\t\t\t\t\t\t\t\t\t\t\tEL ESPACIO P\u00daBLICO COMO COMUNIDAD POL\u00cdTICA\t\t\t\t\t\t\t\t\t\t\t\t\t<\/div>\n\t\t\t\t\t\t<div class=\"sow-accordion-open-close-button\">\n\t\t\t\t\t\t\t<div class=\"sow-accordion-open-button\">\n\t\t\t\t\t\t\t\t<span class=\"sow-icon-ionicons\" data-sow-icon=\"&#xf218;\"\n\t\t \n\t\taria-hidden=\"true\"><\/span>\t\t\t\t\t\t\t<\/div>\n\t\t\t\t\t\t\t<div class=\"sow-accordion-close-button\">\n\t\t\t\t\t\t\t\t<span class=\"sow-icon-ionicons\" data-sow-icon=\"&#xf209;\"\n\t\t \n\t\taria-hidden=\"true\"><\/span>\t\t\t\t\t\t\t<\/div>\n\t\t\t\t\t\t<\/div>\n\t\t\t\t\t<\/div>\n\t\t\t\t<\/div>\n\n\t\t\t<div\n\t\t\t\tclass=\"sow-accordion-panel-content\"\n\t\t\t\trole=\"region\"\n\t\t\t\taria-labelledby=\"accordion-label-el-espacio-p%c3%bablico-como-comunidad-pol%c3%adtica\"\n\t\t\t\tid=\"accordion-content-el-espacio-p%c3%bablico-como-comunidad-pol%c3%adtica\"\n\t\t\t\tstyle=\"display: none;\"\t\t\t>\n\t\t\t\t<div class=\"sow-accordion-panel-border\">\n\t\t\t\t\t<p>&nbsp;<\/p>\n<div class=\"page\" title=\"Page 4\">\n<div class=\"layoutArea\">\n<div class=\"column\">\n<p>1.1. La condicio\u0301n humana<\/p>\n<p style=\"padding-left: 40px;\">1.1.1. Labor, trabajo y accio\u0301n<\/p>\n<p>1.2. Espacio de aparicio\u0301n y mundo en comu\u0301n<\/p>\n<p>1.3. La accio\u0301n y el poder poli\u0301tico<\/p>\n<\/div>\n<\/div>\n<\/div>\n\t\t\t\t<\/div>\n\t\t\t<\/div>\n\t\t<\/div>\n\t\t\t<div class=\"sow-accordion-panel\"\n\t\t\t data-anchor=\"el-retorno-de-lo-pol%c3%adtico\">\n\t\t\t\t<div class=\"sow-accordion-panel-header-container\" role=\"heading\" aria-level=\"2\">\n\t\t\t\t\t<div class=\"sow-accordion-panel-header\" tabindex=\"0\" role=\"button\" id=\"accordion-label-el-retorno-de-lo-pol%c3%adtico\" aria-controls=\"accordion-content-el-retorno-de-lo-pol%c3%adtico\" aria-expanded=\"false\">\n\t\t\t\t\t\t<div class=\"sow-accordion-title sow-accordion-title-icon-left\">\n\t\t\t\t\t\t\t\t\t\t\t\t\t\tEL RETORNO DE LO POL\u00cdTICO\t\t\t\t\t\t\t\t\t\t\t\t\t<\/div>\n\t\t\t\t\t\t<div class=\"sow-accordion-open-close-button\">\n\t\t\t\t\t\t\t<div class=\"sow-accordion-open-button\">\n\t\t\t\t\t\t\t\t<span class=\"sow-icon-ionicons\" data-sow-icon=\"&#xf218;\"\n\t\t \n\t\taria-hidden=\"true\"><\/span>\t\t\t\t\t\t\t<\/div>\n\t\t\t\t\t\t\t<div class=\"sow-accordion-close-button\">\n\t\t\t\t\t\t\t\t<span class=\"sow-icon-ionicons\" data-sow-icon=\"&#xf209;\"\n\t\t \n\t\taria-hidden=\"true\"><\/span>\t\t\t\t\t\t\t<\/div>\n\t\t\t\t\t\t<\/div>\n\t\t\t\t\t<\/div>\n\t\t\t\t<\/div>\n\n\t\t\t<div\n\t\t\t\tclass=\"sow-accordion-panel-content\"\n\t\t\t\trole=\"region\"\n\t\t\t\taria-labelledby=\"accordion-label-el-retorno-de-lo-pol%c3%adtico\"\n\t\t\t\tid=\"accordion-content-el-retorno-de-lo-pol%c3%adtico\"\n\t\t\t\tstyle=\"display: none;\"\t\t\t>\n\t\t\t\t<div class=\"sow-accordion-panel-border\">\n\t\t\t\t\t<p>&nbsp;<\/p>\n<div class=\"page\" title=\"Page 4\">\n<div class=\"layoutArea\">\n<div class=\"column\">\n<p>2.1. La poli\u0301tica, lo poli\u0301tico y el conflicto<\/p>\n<p>2.2. Feminismo y poli\u0301tica democra\u0301tica radical agonista<\/p>\n<p>2.3. La cri\u0301tica a la democracia y el Estado liberal<\/p>\n<p>2.4. La apuesta por el populismo de izquierdas<\/p>\n<\/div>\n<\/div>\n<\/div>\n\t\t\t\t<\/div>\n\t\t\t<\/div>\n\t\t<\/div>\n\t\t\t<div class=\"sow-accordion-panel\"\n\t\t\t data-anchor=\"del-populismo-al-postmarxismo\">\n\t\t\t\t<div class=\"sow-accordion-panel-header-container\" role=\"heading\" aria-level=\"2\">\n\t\t\t\t\t<div class=\"sow-accordion-panel-header\" tabindex=\"0\" role=\"button\" id=\"accordion-label-del-populismo-al-postmarxismo\" aria-controls=\"accordion-content-del-populismo-al-postmarxismo\" aria-expanded=\"false\">\n\t\t\t\t\t\t<div class=\"sow-accordion-title sow-accordion-title-icon-left\">\n\t\t\t\t\t\t\t\t\t\t\t\t\t\tDEL POPULISMO AL POSTMARXISMO\t\t\t\t\t\t\t\t\t\t\t\t\t<\/div>\n\t\t\t\t\t\t<div class=\"sow-accordion-open-close-button\">\n\t\t\t\t\t\t\t<div class=\"sow-accordion-open-button\">\n\t\t\t\t\t\t\t\t<span class=\"sow-icon-ionicons\" data-sow-icon=\"&#xf218;\"\n\t\t \n\t\taria-hidden=\"true\"><\/span>\t\t\t\t\t\t\t<\/div>\n\t\t\t\t\t\t\t<div class=\"sow-accordion-close-button\">\n\t\t\t\t\t\t\t\t<span class=\"sow-icon-ionicons\" data-sow-icon=\"&#xf209;\"\n\t\t \n\t\taria-hidden=\"true\"><\/span>\t\t\t\t\t\t\t<\/div>\n\t\t\t\t\t\t<\/div>\n\t\t\t\t\t<\/div>\n\t\t\t\t<\/div>\n\n\t\t\t<div\n\t\t\t\tclass=\"sow-accordion-panel-content\"\n\t\t\t\trole=\"region\"\n\t\t\t\taria-labelledby=\"accordion-label-del-populismo-al-postmarxismo\"\n\t\t\t\tid=\"accordion-content-del-populismo-al-postmarxismo\"\n\t\t\t\tstyle=\"display: none;\"\t\t\t>\n\t\t\t\t<div class=\"sow-accordion-panel-border\">\n\t\t\t\t\t<p>&nbsp;<\/p>\n<div class=\"page\" title=\"Page 4\">\n<div class=\"layoutArea\">\n<div class=\"column\">\n<p>3.1. La razo\u0301n populista<\/p>\n<p style=\"padding-left: 40px;\">3.1.1 Acerca del concepto de hegemoni\u0301a<\/p>\n<p style=\"padding-left: 40px;\">3.1.2 El concepto de pueblo<\/p>\n<p>3.2. Hacia la democracia radical<\/p>\n<\/div>\n<\/div>\n<\/div>\n\t\t\t\t<\/div>\n\t\t\t<\/div>\n\t\t<\/div>\n\t\t\t<div class=\"sow-accordion-panel\"\n\t\t\t data-anchor=\"lo-com%c3%ban-como-principio-pol%c3%adtico\">\n\t\t\t\t<div class=\"sow-accordion-panel-header-container\" role=\"heading\" aria-level=\"2\">\n\t\t\t\t\t<div class=\"sow-accordion-panel-header\" tabindex=\"0\" role=\"button\" id=\"accordion-label-lo-com%c3%ban-como-principio-pol%c3%adtico\" aria-controls=\"accordion-content-lo-com%c3%ban-como-principio-pol%c3%adtico\" aria-expanded=\"false\">\n\t\t\t\t\t\t<div class=\"sow-accordion-title sow-accordion-title-icon-left\">\n\t\t\t\t\t\t\t\t\t\t\t\t\t\tLO COM\u00daN COMO PRINCIPIO POL\u00cdTICO\t\t\t\t\t\t\t\t\t\t\t\t\t<\/div>\n\t\t\t\t\t\t<div class=\"sow-accordion-open-close-button\">\n\t\t\t\t\t\t\t<div class=\"sow-accordion-open-button\">\n\t\t\t\t\t\t\t\t<span class=\"sow-icon-ionicons\" data-sow-icon=\"&#xf218;\"\n\t\t \n\t\taria-hidden=\"true\"><\/span>\t\t\t\t\t\t\t<\/div>\n\t\t\t\t\t\t\t<div class=\"sow-accordion-close-button\">\n\t\t\t\t\t\t\t\t<span class=\"sow-icon-ionicons\" data-sow-icon=\"&#xf209;\"\n\t\t \n\t\taria-hidden=\"true\"><\/span>\t\t\t\t\t\t\t<\/div>\n\t\t\t\t\t\t<\/div>\n\t\t\t\t\t<\/div>\n\t\t\t\t<\/div>\n\n\t\t\t<div\n\t\t\t\tclass=\"sow-accordion-panel-content\"\n\t\t\t\trole=\"region\"\n\t\t\t\taria-labelledby=\"accordion-label-lo-com%c3%ban-como-principio-pol%c3%adtico\"\n\t\t\t\tid=\"accordion-content-lo-com%c3%ban-como-principio-pol%c3%adtico\"\n\t\t\t\tstyle=\"display: none;\"\t\t\t>\n\t\t\t\t<div class=\"sow-accordion-panel-border\">\n\t\t\t\t\t<p>&nbsp;<\/p>\n<div class=\"page\" title=\"Page 4\">\n<div class=\"layoutArea\">\n<div class=\"column\">\n<p>4.1. Arqueologi\u0301a de lo comu\u0301n<\/p>\n<p style=\"padding-left: 40px;\">4.1.1. La hipoteca comunista<\/p>\n<p>4.2. \u00a0Lo comu\u0301n como un principio poli\u0301tico<\/p>\n<p>4.3. \u00a0La institucio\u0301n de lo comu\u0301n<\/p>\n<\/div>\n<\/div>\n<\/div>\n\t\t\t\t<\/div>\n\t\t\t<\/div>\n\t\t<\/div>\n\t\t\t<div class=\"sow-accordion-panel\"\n\t\t\t data-anchor=\"commonweatth-el-proyecto-de-una-revoluci%c3%b3n-en-com%c3%ban\">\n\t\t\t\t<div class=\"sow-accordion-panel-header-container\" role=\"heading\" aria-level=\"2\">\n\t\t\t\t\t<div class=\"sow-accordion-panel-header\" tabindex=\"0\" role=\"button\" id=\"accordion-label-commonweatth-el-proyecto-de-una-revoluci%c3%b3n-en-com%c3%ban\" aria-controls=\"accordion-content-commonweatth-el-proyecto-de-una-revoluci%c3%b3n-en-com%c3%ban\" aria-expanded=\"false\">\n\t\t\t\t\t\t<div class=\"sow-accordion-title sow-accordion-title-icon-left\">\n\t\t\t\t\t\t\t\t\t\t\t\t\t\tCOMMONWEATTH, EL PROYECTO DE UNA REVOLUCI\u00d3N EN COM\u00daN\t\t\t\t\t\t\t\t\t\t\t\t\t<\/div>\n\t\t\t\t\t\t<div class=\"sow-accordion-open-close-button\">\n\t\t\t\t\t\t\t<div class=\"sow-accordion-open-button\">\n\t\t\t\t\t\t\t\t<span class=\"sow-icon-ionicons\" data-sow-icon=\"&#xf218;\"\n\t\t \n\t\taria-hidden=\"true\"><\/span>\t\t\t\t\t\t\t<\/div>\n\t\t\t\t\t\t\t<div class=\"sow-accordion-close-button\">\n\t\t\t\t\t\t\t\t<span class=\"sow-icon-ionicons\" data-sow-icon=\"&#xf209;\"\n\t\t \n\t\taria-hidden=\"true\"><\/span>\t\t\t\t\t\t\t<\/div>\n\t\t\t\t\t\t<\/div>\n\t\t\t\t\t<\/div>\n\t\t\t\t<\/div>\n\n\t\t\t<div\n\t\t\t\tclass=\"sow-accordion-panel-content\"\n\t\t\t\trole=\"region\"\n\t\t\t\taria-labelledby=\"accordion-label-commonweatth-el-proyecto-de-una-revoluci%c3%b3n-en-com%c3%ban\"\n\t\t\t\tid=\"accordion-content-commonweatth-el-proyecto-de-una-revoluci%c3%b3n-en-com%c3%ban\"\n\t\t\t\tstyle=\"display: none;\"\t\t\t>\n\t\t\t\t<div class=\"sow-accordion-panel-border\">\n\t\t\t\t\t<p>&nbsp;<\/p>\n<div class=\"page\" title=\"Page 4\">\n<div class=\"layoutArea\">\n<div class=\"column\">\n<p>5.1. Lo comu\u0301n como produccio\u0301n biopoli\u0301tica: hacia una democracia de la multitud<\/p>\n<p>5.2. \u00a0Democracia en la era del imperio<\/p>\n<p>5.3. \u00a0Ontologi\u0301as de la produccio\u0301n<\/p>\n<p style=\"padding-left: 40px;\">5.3.1. La multitud y la construccio\u0301n de lo comu\u0301n<\/p>\n<\/div>\n<\/div>\n<\/div>\n\t\t\t\t<\/div>\n\t\t\t<\/div>\n\t\t<\/div>\n\t\t\t<div class=\"sow-accordion-panel\"\n\t\t\t data-anchor=\"revoluci%c3%b3n-feminista-y-pol%c3%adticas-de-lo-com%c3%ban\">\n\t\t\t\t<div class=\"sow-accordion-panel-header-container\" role=\"heading\" aria-level=\"2\">\n\t\t\t\t\t<div class=\"sow-accordion-panel-header\" tabindex=\"0\" role=\"button\" id=\"accordion-label-revoluci%c3%b3n-feminista-y-pol%c3%adticas-de-lo-com%c3%ban\" aria-controls=\"accordion-content-revoluci%c3%b3n-feminista-y-pol%c3%adticas-de-lo-com%c3%ban\" aria-expanded=\"false\">\n\t\t\t\t\t\t<div class=\"sow-accordion-title sow-accordion-title-icon-left\">\n\t\t\t\t\t\t\t\t\t\t\t\t\t\tREVOLUCI\u00d3N FEMINISTA Y POL\u00cdTICAS DE LO COM\u00daN\t\t\t\t\t\t\t\t\t\t\t\t\t<\/div>\n\t\t\t\t\t\t<div class=\"sow-accordion-open-close-button\">\n\t\t\t\t\t\t\t<div class=\"sow-accordion-open-button\">\n\t\t\t\t\t\t\t\t<span class=\"sow-icon-ionicons\" data-sow-icon=\"&#xf218;\"\n\t\t \n\t\taria-hidden=\"true\"><\/span>\t\t\t\t\t\t\t<\/div>\n\t\t\t\t\t\t\t<div class=\"sow-accordion-close-button\">\n\t\t\t\t\t\t\t\t<span class=\"sow-icon-ionicons\" data-sow-icon=\"&#xf209;\"\n\t\t \n\t\taria-hidden=\"true\"><\/span>\t\t\t\t\t\t\t<\/div>\n\t\t\t\t\t\t<\/div>\n\t\t\t\t\t<\/div>\n\t\t\t\t<\/div>\n\n\t\t\t<div\n\t\t\t\tclass=\"sow-accordion-panel-content\"\n\t\t\t\trole=\"region\"\n\t\t\t\taria-labelledby=\"accordion-label-revoluci%c3%b3n-feminista-y-pol%c3%adticas-de-lo-com%c3%ban\"\n\t\t\t\tid=\"accordion-content-revoluci%c3%b3n-feminista-y-pol%c3%adticas-de-lo-com%c3%ban\"\n\t\t\t\tstyle=\"display: none;\"\t\t\t>\n\t\t\t\t<div class=\"sow-accordion-panel-border\">\n\t\t\t\t\t<p>&nbsp;<\/p>\n<div class=\"page\" title=\"Page 4\">\n<div class=\"layoutArea\">\n<div class=\"column\">\n<p>6.1. \u00a0Acerca de los comunes<\/p>\n<p><span style=\"font-size: 1rem;\">6.2. \u00a0Comunidad de destino<\/span><\/p>\n<p style=\"padding-left: 40px;\"><span style=\"font-size: 1rem;\">6.2.1. Un feminismo marxista<\/span><\/p>\n<p><span style=\"font-size: 1rem;\">6.3. \u00a0Entre el populismo y las poli\u0301ticas de los gobernados:<\/span><\/p>\n<p>gubernamentalidad y autonomi\u0301a<\/p>\n<\/div>\n<\/div>\n<\/div>\n\t\t\t\t<\/div>\n\t\t\t<\/div>\n\t\t<\/div>\n\t\t\t<div class=\"sow-accordion-panel\"\n\t\t\t data-anchor=\"bibliograf%c3%ada-obligatoria\">\n\t\t\t\t<div class=\"sow-accordion-panel-header-container\" role=\"heading\" aria-level=\"2\">\n\t\t\t\t\t<div class=\"sow-accordion-panel-header\" tabindex=\"0\" role=\"button\" id=\"accordion-label-bibliograf%c3%ada-obligatoria\" aria-controls=\"accordion-content-bibliograf%c3%ada-obligatoria\" aria-expanded=\"false\">\n\t\t\t\t\t\t<div class=\"sow-accordion-title sow-accordion-title-icon-left\">\n\t\t\t\t\t\t\t\t\t\t\t\t\t\tBibliograf\u00eda obligatoria\t\t\t\t\t\t\t\t\t\t\t\t\t<\/div>\n\t\t\t\t\t\t<div class=\"sow-accordion-open-close-button\">\n\t\t\t\t\t\t\t<div class=\"sow-accordion-open-button\">\n\t\t\t\t\t\t\t\t<span class=\"sow-icon-ionicons\" data-sow-icon=\"&#xf218;\"\n\t\t \n\t\taria-hidden=\"true\"><\/span>\t\t\t\t\t\t\t<\/div>\n\t\t\t\t\t\t\t<div class=\"sow-accordion-close-button\">\n\t\t\t\t\t\t\t\t<span class=\"sow-icon-ionicons\" data-sow-icon=\"&#xf209;\"\n\t\t \n\t\taria-hidden=\"true\"><\/span>\t\t\t\t\t\t\t<\/div>\n\t\t\t\t\t\t<\/div>\n\t\t\t\t\t<\/div>\n\t\t\t\t<\/div>\n\n\t\t\t<div\n\t\t\t\tclass=\"sow-accordion-panel-content\"\n\t\t\t\trole=\"region\"\n\t\t\t\taria-labelledby=\"accordion-label-bibliograf%c3%ada-obligatoria\"\n\t\t\t\tid=\"accordion-content-bibliograf%c3%ada-obligatoria\"\n\t\t\t\tstyle=\"display: none;\"\t\t\t>\n\t\t\t\t<div class=\"sow-accordion-panel-border\">\n\t\t\t\t\t<p>&nbsp;<\/p>\n<div class=\"page\" title=\"Page 5\">\n<div class=\"layoutArea\">\n<div class=\"column\">\n<p>Primera Unidad<\/p>\n<ul>\n<li>\u27a2 \u00a0Arendt, H. La condicio\u0301n humana, Barcelona, Paido\u0301s, 1998 [1958] Capi\u0301tulos II al V<\/li>\n<li>\u27a2 \u00a0Passerin d \u0301Entreves, \u201cHannah Arendt y la idea de ciudadani\u0301a2, en Mouffe, Ch.,\n<p>Dimensiones de la democracia radical. Pluralismos, ciudadani\u0301a, comunidad, Buenos Aires, Prometeo, 2012, pp. 185-213<\/p>\n<p>Segunda Unidad<\/p><\/li>\n<\/ul>\n<ul>\n<li>\u27a2 \u00a0Mouffe, Ch., El retorno de lo poli\u0301tico. Comunidad, ciudadani\u0301a, pluralismo, democracia radical, Barcelona Paido\u0301s, 1999, Cap. 1 y 5<\/li>\n<li>\u27a2 \u00a0Mouffe, Ch., \u201cCiudadani\u0301a democra\u0301tica y comunidad poli\u0301tica\u201d en Mouffe, Ch., Dimensiones de la democracia radical. Pluralismos, ciudadani\u0301a, comunidad, Buenos Aires, Prometeo, 2012, pp. 283-300<\/li>\n<li>\u27a2 \u00a0Mouffe, C. \u201c1. El momento populista\u201d, \u201c4. La construccio\u0301n de un pueblo\u201d y \u201cConclusio\u0301n\u201d en Por un populismo de izquierda, Buenos Aires, Siglo XXI Editores, 2018.\n<p>Tercera Unidad<\/p>\n<ul>\n<li>\u27a2 \u00a0Laclau, E., Mouffe, Ch., Hegemoni\u0301a y estrategia socialista. Hacia una radicalizacio\u0301n de la democracia, Buenos Aires, FCE, 2004 [1985], cap. 1 y cap. 4<\/li>\n<li>\u27a2 \u00a0Laclau, E., La razo\u0301n populista, Buenos Aires, FCE, 2005, cap. 1 y cap. 4\n<p>Cuarta Unidad<\/p><\/li>\n<\/ul>\n<\/li>\n<\/ul>\n<p>\u27a2 Laval Cr. Y Dardot, P., Comu\u0301n. Ensayo sobre la revolucio\u0301n en el siglo XXI, Barcelona, Gedisa, 2015 [2014], cap. 1, 2 y 10<\/p>\n<p>Quinta Unidad<\/p>\n<p>\u27a2 Hardt, M y Negri, A., Imperio, Barcelona, 2017 [2000], Primera parte y cap. 18 \u27a2 Hardt, M y Negri, A., Commonwealtth. El proyecto de un revolucio\u0301n del comu\u0301n,<\/p>\n<p>Madrid, Akal, 2011 [2009], 1a. Parte, 2da. Parte y 6a. Parte.<\/p>\n<p>Sexta Unidad<\/p>\n<ul>\n<li>\u27a2 \u00a0Federici, S., Reencantar el mundo. El feminismo y la poli\u0301tica de los comunes, Madrid, Traficantes de suen\u0303os 2020 [2019], cap. 11-14<\/li>\n<li>\u27a2 \u00a0Vero\u0301nica Gago, La potencia feminista o el deseo de cambiarlo todo, Me\u0301xico, Tinta Limo\u0301n, 2020, cap. 5 y cap. 8<\/li>\n<\/ul>\n<\/div>\n<\/div>\n<\/div>\n\t\t\t\t<\/div>\n\t\t\t<\/div>\n\t\t<\/div>\n\t\t\t<div class=\"sow-accordion-panel\"\n\t\t\t data-anchor=\"programa\">\n\t\t\t\t<div class=\"sow-accordion-panel-header-container\" role=\"heading\" aria-level=\"2\">\n\t\t\t\t\t<div class=\"sow-accordion-panel-header\" tabindex=\"0\" role=\"button\" id=\"accordion-label-programa\" aria-controls=\"accordion-content-programa\" aria-expanded=\"false\">\n\t\t\t\t\t\t<div class=\"sow-accordion-title sow-accordion-title-icon-left\">\n\t\t\t\t\t\t\t\t\t\t\t\t\t\tPrograma\t\t\t\t\t\t\t\t\t\t\t\t\t<\/div>\n\t\t\t\t\t\t<div class=\"sow-accordion-open-close-button\">\n\t\t\t\t\t\t\t<div class=\"sow-accordion-open-button\">\n\t\t\t\t\t\t\t\t<span class=\"sow-icon-ionicons\" data-sow-icon=\"&#xf218;\"\n\t\t \n\t\taria-hidden=\"true\"><\/span>\t\t\t\t\t\t\t<\/div>\n\t\t\t\t\t\t\t<div class=\"sow-accordion-close-button\">\n\t\t\t\t\t\t\t\t<span class=\"sow-icon-ionicons\" data-sow-icon=\"&#xf209;\"\n\t\t \n\t\taria-hidden=\"true\"><\/span>\t\t\t\t\t\t\t<\/div>\n\t\t\t\t\t\t<\/div>\n\t\t\t\t\t<\/div>\n\t\t\t\t<\/div>\n\n\t\t\t<div\n\t\t\t\tclass=\"sow-accordion-panel-content\"\n\t\t\t\trole=\"region\"\n\t\t\t\taria-labelledby=\"accordion-label-programa\"\n\t\t\t\tid=\"accordion-content-programa\"\n\t\t\t\tstyle=\"display: none;\"\t\t\t>\n\t\t\t\t<div class=\"sow-accordion-panel-border\">\n\t\t\t\t\t<p><a href=\"https:\/\/maytemunoz.net\/wp-content\/uploads\/2023\/11\/1847-Munoz.-docx.pdf\" class=\"pdfemb-viewer\" style=\"\" data-width=\"max\" data-height=\"max\" data-toolbar=\"bottom\" data-toolbar-fixed=\"on\">1847 Mu\u00f1oz. docx<\/a><\/p>\n\t\t\t\t<\/div>\n\t\t\t<\/div>\n\t\t<\/div>\n\t\t<\/div>\n<\/div>\n<\/div><\/div><\/div><\/div><\/div>","protected":false},"excerpt":{"rendered":"<p>OBJETIVOS &nbsp; OBJETIVO GENERAL El objetivo general de este curso es que l@s alumn@s tengan un panorama de los problemas discutidos a partir de los an\u0303os posteriores a la segunda guerra mundial y hasta los primeros veinte an\u0303os del siglo XXI, a trave\u0301s del ana\u0301lisis y discusio\u0301n de algunas categori\u0301as que se encuentran en las &hellip; <\/p>\n<p class=\"link-more\"><a href=\"https:\/\/maytemunoz.net\/?page_id=3712\" class=\"more-link\">Continuar leyendo<span class=\"screen-reader-text\"> \u00ab1847 &#8211; Materia del \u00c1rea de Filosof\u00eda e Historia Social 1\u00bb<\/span><\/a><\/p>\n","protected":false},"author":5,"featured_media":0,"parent":0,"menu_order":0,"comment_status":"closed","ping_status":"closed","template":"","meta":[],"_links":{"self":[{"href":"https:\/\/maytemunoz.net\/index.php?rest_route=\/wp\/v2\/pages\/3712"}],"collection":[{"href":"https:\/\/maytemunoz.net\/index.php?rest_route=\/wp\/v2\/pages"}],"about":[{"href":"https:\/\/maytemunoz.net\/index.php?rest_route=\/wp\/v2\/types\/page"}],"author":[{"embeddable":true,"href":"https:\/\/maytemunoz.net\/index.php?rest_route=\/wp\/v2\/users\/5"}],"replies":[{"embeddable":true,"href":"https:\/\/maytemunoz.net\/index.php?rest_route=%2Fwp%2Fv2%2Fcomments&post=3712"}],"version-history":[{"count":6,"href":"https:\/\/maytemunoz.net\/index.php?rest_route=\/wp\/v2\/pages\/3712\/revisions"}],"predecessor-version":[{"id":3878,"href":"https:\/\/maytemunoz.net\/index.php?rest_route=\/wp\/v2\/pages\/3712\/revisions\/3878"}],"wp:attachment":[{"href":"https:\/\/maytemunoz.net\/index.php?rest_route=%2Fwp%2Fv2%2Fmedia&parent=3712"}],"curies":[{"name":"wp","href":"https:\/\/api.w.org\/{rel}","templated":true}]}}