{"id":4106,"date":"2026-01-22T08:05:10","date_gmt":"2026-01-22T14:05:10","guid":{"rendered":"https:\/\/maytemunoz.net\/?page_id=4106"},"modified":"2026-01-22T08:05:10","modified_gmt":"2026-01-22T14:05:10","slug":"organizacion-de-eventos-academicos","status":"publish","type":"page","link":"https:\/\/maytemunoz.net\/?page_id=4106","title":{"rendered":"Organizaci\u00f3n de Eventos Acad\u00e9micos"},"content":{"rendered":"<ol>\n<li style=\"font-weight: 400;\"><strong>COORGANIZADORA<\/strong>\u00a0del Simposio Filosof\u00edas feministas en el XXII Congreso Internacional de la Asociaci\u00f3n Filos\u00f3fica de M\u00e9xico, M\u00e9rida, 1 al 5 de diciembre 2025.<\/li>\n<li style=\"font-weight: 400;\"><strong>INTEGRANTE del\u00a0<\/strong><strong>Comit\u00e9 cient\u00edfico (2024-2025)\u00a0<\/strong>XXX Congreso de la Sociedad Castellano-Leonesa de Filosof\u00eda, Salamanca (Espa\u00f1a) del 19 al 21 de noviembre: L\u00edmites del presente.<\/li>\n<li style=\"font-weight: 400;\"><strong>INTEGRANTE<\/strong> del\u00a0Comit\u00e9 cient\u00edfico (2024-2025) para el\u00a0XI Congreso Internacional de\u00a0\u00a0 la\u00a0\u00a0 Sociedad\u00a0\u00a0 Acad\u00e9mica\u00a0\u00a0 de\u00a0\u00a0 Filosof\u00eda\u00a0\u00a0 (SAF):\u00a0\u00a0 \u00abSer humano\u00a0\u00a0 en\u00a0\u00a0 el siglo XXI.\u00a0\u00a0 La\u00a0\u00a0 Filosof\u00eda\u00a0\u00a0 ante\u00a0\u00a0 los\u00a0\u00a0 retos contempor\u00e1neos\u00bb\u00a0del 1 al 3 de octubre 2025.<\/li>\n<li style=\"font-weight: 400;\"><strong>INTEGRANTE<\/strong>\u00a0del comit\u00e9 cient\u00edfico\u00a0(2024-2025)\u00a0del\u00a0segundo Encuentro de la Red Latinoamericana de Estudio sobre Fil\u00f3sofas en la Historia\u00a0(<a href=\"http:\/\/www.relafhi.com\/\" data-saferedirecturl=\"https:\/\/www.google.com\/url?q=http:\/\/www.relafhi.com\/&amp;source=gmail&amp;ust=1769175336065000&amp;usg=AOvVaw2j2HKZSX6YHfJVl5hQOPWa\">www.relafhi.com<\/a>). 23 al 25 de junio de 2025.<\/li>\n<li style=\"font-weight: 400;\"><strong>ORGANIZADORA\u00a0<\/strong>Taller sobre violencia, mal radical y banalidad del mal Dr. Adriano Correia Silva, Instituto de Investigaciones Filos\u00f3ficas, 20 de mayo de 2025.<\/li>\n<li style=\"font-weight: 400;\"><strong>ORGANIZADORA del\u00a0coloquio:\u00a0Un tejido de emociones y conceptos,\u00a0<\/strong>en el marco del\u00a0proyecto de investigaci\u00f3n,\u00a0<em>Los nuevos feminismos y la emergencia de lo com\u00fan<\/em>. PROINV_23_35, los d\u00edas 27 al 28 de agosto de 2024, FFyL-UNAM.<\/li>\n<li style=\"font-weight: 400;\"><strong>ORGANIZADORA\u00a0ciclo de conferencia y clases magistrales<\/strong>:\u00a0 \u201cLos Afectos y el Discernimiento. Posmarxismos y Democracia Agon\u00edstica en la actualidad\u201d. Del 18 al 31 de marzo de 2024, Programa de Posgrado en Filosof\u00eda\/ UNAM, sede FFyL-UNAM.<\/li>\n<li style=\"font-weight: 400;\"><strong>COORDINADORA<\/strong>\u00a0del simposio:<strong>\u00a0Los nuevos feminismos y la reinvenci\u00f3n de lo com\u00fan, en el VI\u00a0Congreso Iberoamericano de Filosof\u00eda organizado por la\u00a0<\/strong>Red Iberoamericana de Filosof\u00eda y Universidad de Porto, en\u00a0Porto (Portugal) del 23 al 27 de enero de 2023.<\/li>\n<li style=\"font-weight: 400;\"><strong>COORDINADORA<\/strong>\u00a0del<strong>\u00a0<\/strong>Coloquio:<strong>\u00a0Lo com\u00fan y la comunidad pol\u00edtica,\u00a0<\/strong>celebrado en la FFyL de la UNAM del<strong>\u00a0<\/strong>7 al 8 de diciembre del 2022.<\/li>\n<li style=\"font-weight: 400;\"><strong>ORGANIZADORA<\/strong>\u00a0del<strong>\u00a0Conversatorio con Laura Quintana: cuerpos, afectos, emancipaciones\u00a0<\/strong>en el marco del proyecto PAPIIT, AI401221 en la FFyL\/UNAM del 26 de abril del 2022.<\/li>\n<li style=\"font-weight: 400;\"><strong>ORGANIZADORA<\/strong>\u00a0del Conferencia Magistral:<strong>\u00a0Digna rabia y fracturas emancipatorias, impartida por la Dra. Laura Quintana<\/strong>, en la FFyL de la UNAM y el Posgrado de G\u00e9nero\u00a0del 25 de abril del 2022.<\/li>\n<li style=\"font-weight: 400;\"><strong>SECRETARIA ACAD\u00c9MICA Y MIEMBRO DEL COMIT\u00c9 ORGANIZADOR del V Congreso Iberoamericano de Filosof\u00eda<\/strong>, celebrado en Ciudad de M\u00e9xico del 19 al 21 de junio del 2019.<\/li>\n<li style=\"font-weight: 400;\"><strong>COORDINADORA\u00a0<\/strong>del coloquio, Hannah Arendt: filosof\u00eda para pensar lo com\u00fan, en el marco del del V Congreso Iberoamericano de Filosof\u00eda, celebrado en Ciudad de M\u00e9xico del 19 al 21 de junio del 2019.<\/li>\n<li style=\"font-weight: 400;\"><strong>ORGANIZADORA<\/strong>\u00a0del<strong>\u00a0<\/strong><strong>Conferencia\u00a0<\/strong><strong>Las pensadoras y el canon filos\u00f3fico\u00a0<\/strong>en\u00a0Posgrado de Filosof\u00eda, FFyL-UNAM\u00a0del 14 de junio del 2019.<\/li>\n<li style=\"font-weight: 400;\"><strong>ORGANIZADORA<\/strong>\u00a0del<strong>\u00a0<\/strong><strong>Conferencia Feminismo, pol\u00edtica y responsabilidad por el futuro. Contra la funesta conjunci\u00f3n neoliberal y neofascista\u00a0<\/strong>en\u00a0Posgrado de Filosof\u00eda, FFyL-UNAM y CIEG\u00a0del 12 de junio del 2019.<\/li>\n<li style=\"font-weight: 400;\"><strong>COORDINADORA<\/strong>\u00a0del coloquio Ciudadan\u00eda, derechos humanos y espacio p\u00fablico, en el XVIII Congreso Internacional Pluralidad, Justicia y Paz de la Asociaci\u00f3n Filos\u00f3fica de M\u00e9xico, en\u00a0San Crist\u00f3bal de las Casas, (Chiapas),\u00a0del 24 al 28 de octubre de 2016.<\/li>\n<li style=\"font-weight: 400;\"><strong>COORDINADORA<\/strong><strong>\u00a0GENERAL del XV Congreso Internacional de Filosof\u00eda \u201cEl di\u00e1logo filos\u00f3fico\u201d de la Asociaci\u00f3n Filos\u00f3fica de M\u00e9xico,\u00a0<\/strong>Ciudad de M\u00e9xico, 25-29 de enero 2010.<\/li>\n<li style=\"font-weight: 400;\"><strong>COMIT\u00c9 ORGANIZADOR:\u00a0<\/strong>POETAS DEL MUNDO LATINO EN LA UIC, APIEC-Universidad Intercontinental, 18 de octubre de 2010.<\/li>\n<li style=\"font-weight: 400;\"><strong>COMIT\u00c9 ORGANIZADOR:\u00a0<\/strong>POETAS DEL MUNDO LATINO EN LA UIC, IPIEC-Universidad Intercontinental, 19 de octubre de 2009.<\/li>\n<li style=\"font-weight: 400;\"><strong>COMIT\u00c9 ORGANIZADOR:\u00a0<\/strong>POETAS DEL MUNDO LATINO EN LA UIC<strong>,<\/strong>\u00a0IPIEC-Universidad Intercontinental, 20 de octubre de 2008.<\/li>\n<li style=\"font-weight: 400;\"><strong>APOYO EN ORGANIZACI\u00d3N<\/strong>: CUARTO CONGRESO MULTIDISCIPLINARIO EN TORNO A LA TRADUCCI\u00d3N, Escuela de Traducci\u00f3n Universidad Intercontinental, 14 y 15 de abril de 2008.<\/li>\n<li style=\"font-weight: 400;\"><strong>COORDINADORA<\/strong> del Coloquio filosof\u00eda pol\u00edtica I, CONGRESO INTERNACIONAL DE LA ASOCIACI\u00d3N FILOS\u00d3FICA DE M\u00c9XICO, Mazatl\u00e1n Sinaloa, noviembre 2007.<\/li>\n<li style=\"font-weight: 400;\"><strong>COMIT\u00c9 ORGANIZADOR:\u00a0<\/strong>POETAS DEL MUNDO LATINO EN LA UIC<strong>,<\/strong> Instituto de Posgrado, Investigaci\u00f3n y Educaci\u00f3n Continua, 21 de octubre de 2007.<\/li>\n<li style=\"font-weight: 400;\"><strong>Organizaci\u00f3n:<\/strong>\u00a0SEGUNDO\u00a0CONGRESO MULTIDISCIPLINARIO EN TORNO A LA TRADUCCI\u00d3N \u201cLenguaje, traducci\u00f3n y cultura. Algunas reflexiones sobre la posibilidad de la traducci\u00f3n\u201d\u00a025 al 28 de abril de 2006. Organizado por la Escuela de Traducci\u00f3n de la Universidad Intercontinental.<\/li>\n<li style=\"font-weight: 400;\"><strong>COMIT\u00c9 ORGANIZADOR<\/strong>: II FORO EDUCATIVO \u201cRetos de la Educaci\u00f3n en el siglo XXI\u201d 22 y 23 de noviembre de 2006.<\/li>\n<li style=\"font-weight: 400;\"><strong>COMIT\u00c9 ORGANIZADOR: POETAS DEL MUNDO LATINO<\/strong>, Instituto de Posgrados, Investigaci\u00f3n y Educaci\u00f3n Continua Universidad Intercontinental, 31 de octubre de 2006.<\/li>\n<li style=\"font-weight: 400;\"><strong>COMIT\u00c9 ORGANIZADOR:\u00a0<\/strong>XVIII SEMANA DE FILOSOF\u00cdA: MUJERES Y FILOSOF\u00cdA, en la Universidad Intercontinental del 24 al 26 de agosto de 2005.<\/li>\n<li style=\"font-weight: 400;\"><strong>COMIT\u00c9 ORGANIZADOR:<\/strong>\u00a0V COLOQUIO DE EPISTEMOLOG\u00cdA: NORMATIVIDAD EPIST\u00c9MICA Y PR\u00c1CTICA. Instituto de Investigaciones Filos\u00f3fica de la UNAM, 21 de mayo de 2004.<\/li>\n<li style=\"font-weight: 400;\"><strong>COMIT\u00c9 ORGANIZADOR:<\/strong>\u00a0III COLOQUIO UNIVERSITARIO INTERCONTINENTAL:\u00a0\u201cConstruir desde la incertidumbre\u201d\u00a0celebrado en la Universidad Intercontinental de 6 al 9 de noviembre del 2001.<\/li>\n<li style=\"font-weight: 400;\"><strong>COMIT\u00c9 ORGANIZADOR:<\/strong>\u00a0VI ENCUENTRO INTERNACIONAL, \u201cENTRE PARTICULARISMO Y COMUNICACI\u00d3N: TEOLOG\u00cdAS CONTEXTUALES Y REFLEXI\u00d3N FILOS\u00d3FICA\u201d 16 al 20 de marzo del 2002. organizado por las Escuelas de Filosof\u00eda y Teolog\u00eda de la Universidad Intercontinental.<\/li>\n<li style=\"font-weight: 400;\"><strong>COMIT\u00c9 ORGANIZADOR<\/strong>. II COLOQUIO INTERNACIONAL DE POSGRADOS, INVESTIGACI\u00d3N Y EDUCACI\u00d3N CONTINUA, organizado por la Universidad Intercontinental, del 5 al 7 de octubre del 2000.<\/li>\n<li style=\"font-weight: 400;\"><strong>COMIT\u00c9 ORGANIZADOR:\u00a0<\/strong>I Semana interdisciplinar Filosof\u00eda y Teolog\u00eda en la Universidad Intercontinental 28 de septiembre de 2000.<\/li>\n<li style=\"font-weight: 400;\"><strong>COMIT\u00c9 ORGANIZADOR:<\/strong>\u00a0V FORO DE INVESTIGACI\u00d3N<strong>,<\/strong>\u00a0Universidad Intercontinental 15 de noviembre de 1999.<\/li>\n<li style=\"font-weight: 400;\"><strong>COMIT\u00c9 ORGANIZADOR:\u00a0<\/strong>XVII Semana de Filosof\u00eda: Los avatares del hombre, en la Universidad Intercontinental del 20 al 24 de septiembre de 1999.<\/li>\n<\/ol>\n","protected":false},"excerpt":{"rendered":"<p>COORGANIZADORA\u00a0del Simposio Filosof\u00edas feministas en el XXII Congreso Internacional de la Asociaci\u00f3n Filos\u00f3fica de M\u00e9xico, M\u00e9rida, 1 al 5 de diciembre 2025. INTEGRANTE del\u00a0Comit\u00e9 cient\u00edfico (2024-2025)\u00a0XXX Congreso de la Sociedad Castellano-Leonesa de Filosof\u00eda, Salamanca (Espa\u00f1a) del 19 al 21 de noviembre: L\u00edmites del presente. INTEGRANTE del\u00a0Comit\u00e9 cient\u00edfico (2024-2025) para el\u00a0XI Congreso Internacional de\u00a0\u00a0 la\u00a0\u00a0 Sociedad\u00a0\u00a0 &hellip; <\/p>\n<p class=\"link-more\"><a href=\"https:\/\/maytemunoz.net\/?page_id=4106\" class=\"more-link\">Continuar leyendo<span class=\"screen-reader-text\"> \u00abOrganizaci\u00f3n de Eventos Acad\u00e9micos\u00bb<\/span><\/a><\/p>\n","protected":false},"author":6,"featured_media":0,"parent":0,"menu_order":0,"comment_status":"closed","ping_status":"closed","template":"","meta":[],"_links":{"self":[{"href":"https:\/\/maytemunoz.net\/index.php?rest_route=\/wp\/v2\/pages\/4106"}],"collection":[{"href":"https:\/\/maytemunoz.net\/index.php?rest_route=\/wp\/v2\/pages"}],"about":[{"href":"https:\/\/maytemunoz.net\/index.php?rest_route=\/wp\/v2\/types\/page"}],"author":[{"embeddable":true,"href":"https:\/\/maytemunoz.net\/index.php?rest_route=\/wp\/v2\/users\/6"}],"replies":[{"embeddable":true,"href":"https:\/\/maytemunoz.net\/index.php?rest_route=%2Fwp%2Fv2%2Fcomments&post=4106"}],"version-history":[{"count":1,"href":"https:\/\/maytemunoz.net\/index.php?rest_route=\/wp\/v2\/pages\/4106\/revisions"}],"predecessor-version":[{"id":4107,"href":"https:\/\/maytemunoz.net\/index.php?rest_route=\/wp\/v2\/pages\/4106\/revisions\/4107"}],"wp:attachment":[{"href":"https:\/\/maytemunoz.net\/index.php?rest_route=%2Fwp%2Fv2%2Fmedia&parent=4106"}],"curies":[{"name":"wp","href":"https:\/\/api.w.org\/{rel}","templated":true}]}}